{"id":185,"date":"2011-10-09T16:44:20","date_gmt":"2011-10-09T16:44:20","guid":{"rendered":"http:\/\/www.asbuers.com\/basket-villeurbanne\/?page_id=185"},"modified":"2014-07-08T17:56:11","modified_gmt":"2014-07-08T17:56:11","slug":"photos-et-videos","status":"publish","type":"page","link":"https:\/\/www.asbuers.com\/basket-villeurbanne\/photos-et-videos\/","title":{"rendered":"Photos et Vid\u00e9os"},"content":{"rendered":"<h2>Vid\u00e9os de l&rsquo;AS Buers Basket<\/h2>\n<p>Rendez vous sur <a href=\"https:\/\/www.youtube.com\/user\/asbuersbasket\/videos\">notre page youtube<\/a> pour visionner les derni\u00e8res vid\u00e9os mises en ligne.<\/p>\n<p>&nbsp;<\/p>\n<p><iframe loading=\"lazy\" src=\"\/\/www.youtube.com\/embed\/xZmiDa0QTCM\" frameborder=\"0\" width=\"720\" height=\"510\"><\/iframe><br \/>\n<iframe loading=\"lazy\" src=\"\/\/www.youtube.com\/embed\/hCyRh8VfYSA\" frameborder=\"0\" width=\"720\" height=\"510\"><\/iframe><br \/>\n&nbsp;<\/p>\n<h2>Galeries photos de l&rsquo;AS Buers Basket<\/h2>\n<p>Rendez vous sur <a href=\"https:\/\/www.facebook.com\/media\/albums\/?id=193063927377360\">notre page facebook<\/a> pour visualiser les derni\u00e8res photos mises en ligne.<\/p>\n<p>&nbsp;<\/p>\n<p><a href=\"https:\/\/www.facebook.com\/media\/albums\/?id=193063927377360\"><img loading=\"lazy\" decoding=\"async\" class=\"alignnone size-full wp-image-286\" title=\"photos-sur-facebook\" src=\"http:\/\/www.asbuers.com\/basket-villeurbanne\/wp-content\/uploads\/2011\/10\/photos-sur-facebook.png\" alt=\"\" width=\"733\" height=\"380\" srcset=\"https:\/\/www.asbuers.com\/basket-villeurbanne\/wp-content\/uploads\/2011\/10\/photos-sur-facebook.png 733w, https:\/\/www.asbuers.com\/basket-villeurbanne\/wp-content\/uploads\/2011\/10\/photos-sur-facebook-300x155.png 300w\" sizes=\"auto, (max-width: 733px) 100vw, 733px\" \/><\/a><\/p>\n<h2><a href=\"http:\/\/www.asbuers.com\/basket-villeurbanne\/wp-content\/uploads\/2011\/10\/senior1match.jpg\"><img loading=\"lazy\" decoding=\"async\" class=\"size-medium wp-image-548 alignnone\" title=\"senior1match\" src=\"http:\/\/www.asbuers.com\/basket-villeurbanne\/wp-content\/uploads\/2011\/10\/senior1match-300x225.jpg\" alt=\"\" width=\"304\" height=\"228\" srcset=\"https:\/\/www.asbuers.com\/basket-villeurbanne\/wp-content\/uploads\/2011\/10\/senior1match-300x225.jpg 300w, https:\/\/www.asbuers.com\/basket-villeurbanne\/wp-content\/uploads\/2011\/10\/senior1match.jpg 700w\" sizes=\"auto, (max-width: 304px) 100vw, 304px\" \/><\/a>\u00a0<a href=\"http:\/\/www.asbuers.com\/basket-villeurbanne\/wp-content\/uploads\/2011\/10\/dunkal.jpg\"><img loading=\"lazy\" decoding=\"async\" class=\"size-medium wp-image-547 alignnone\" title=\"dunkal\" src=\"http:\/\/www.asbuers.com\/basket-villeurbanne\/wp-content\/uploads\/2011\/10\/dunkal-300x225.jpg\" alt=\"\" width=\"276\" height=\"208\" srcset=\"https:\/\/www.asbuers.com\/basket-villeurbanne\/wp-content\/uploads\/2011\/10\/dunkal-300x225.jpg 300w, https:\/\/www.asbuers.com\/basket-villeurbanne\/wp-content\/uploads\/2011\/10\/dunkal.jpg 700w\" sizes=\"auto, (max-width: 276px) 100vw, 276px\" \/><\/a>\u00a0<a href=\"http:\/\/www.asbuers.com\/basket-villeurbanne\/wp-content\/uploads\/2011\/10\/minimesgmatch.jpg\"><img loading=\"lazy\" decoding=\"async\" class=\"size-medium wp-image-552 alignnone\" title=\"minimesgmatch\" src=\"http:\/\/www.asbuers.com\/basket-villeurbanne\/wp-content\/uploads\/2011\/10\/minimesgmatch-300x225.jpg\" alt=\"\" width=\"282\" height=\"211\" srcset=\"https:\/\/www.asbuers.com\/basket-villeurbanne\/wp-content\/uploads\/2011\/10\/minimesgmatch-300x225.jpg 300w, https:\/\/www.asbuers.com\/basket-villeurbanne\/wp-content\/uploads\/2011\/10\/minimesgmatch.jpg 700w\" sizes=\"auto, (max-width: 282px) 100vw, 282px\" \/><\/a>\u00a0<a href=\"http:\/\/www.asbuers.com\/basket-villeurbanne\/wp-content\/uploads\/2011\/10\/senior3match.jpg\"><img loading=\"lazy\" decoding=\"async\" class=\"size-medium wp-image-553 alignnone\" title=\"senior3match\" src=\"http:\/\/www.asbuers.com\/basket-villeurbanne\/wp-content\/uploads\/2011\/10\/senior3match-300x200.jpg\" alt=\"\" width=\"300\" height=\"200\" srcset=\"https:\/\/www.asbuers.com\/basket-villeurbanne\/wp-content\/uploads\/2011\/10\/senior3match-300x200.jpg 300w, https:\/\/www.asbuers.com\/basket-villeurbanne\/wp-content\/uploads\/2011\/10\/senior3match.jpg 700w\" sizes=\"auto, (max-width: 300px) 100vw, 300px\" \/><\/a>\u00a0\u00a0<a href=\"http:\/\/www.asbuers.com\/basket-villeurbanne\/wp-content\/uploads\/2011\/10\/senior1matchb.jpg\"><img loading=\"lazy\" decoding=\"async\" class=\"size-medium wp-image-555 alignnone\" title=\"senior1matchb\" src=\"http:\/\/www.asbuers.com\/basket-villeurbanne\/wp-content\/uploads\/2011\/10\/senior1matchb-300x225.jpg\" alt=\"\" width=\"300\" height=\"225\" srcset=\"https:\/\/www.asbuers.com\/basket-villeurbanne\/wp-content\/uploads\/2011\/10\/senior1matchb-300x225.jpg 300w, https:\/\/www.asbuers.com\/basket-villeurbanne\/wp-content\/uploads\/2011\/10\/senior1matchb.jpg 700w\" sizes=\"auto, (max-width: 300px) 100vw, 300px\" \/><\/a>\u00a0<a href=\"http:\/\/www.asbuers.com\/basket-villeurbanne\/wp-content\/uploads\/2011\/10\/mounir-et-sylvain.jpg\"><img loading=\"lazy\" decoding=\"async\" class=\"size-medium wp-image-554 alignnone\" title=\"mounir et sylvain\" src=\"http:\/\/www.asbuers.com\/basket-villeurbanne\/wp-content\/uploads\/2011\/10\/mounir-et-sylvain-300x225.jpg\" alt=\"\" width=\"300\" height=\"225\" srcset=\"https:\/\/www.asbuers.com\/basket-villeurbanne\/wp-content\/uploads\/2011\/10\/mounir-et-sylvain-300x225.jpg 300w, https:\/\/www.asbuers.com\/basket-villeurbanne\/wp-content\/uploads\/2011\/10\/mounir-et-sylvain.jpg 700w\" sizes=\"auto, (max-width: 300px) 100vw, 300px\" \/><\/a>\u00a0<a href=\"http:\/\/www.asbuers.com\/basket-villeurbanne\/wp-content\/uploads\/2011\/10\/senior3matchb1.jpg\"><img loading=\"lazy\" decoding=\"async\" class=\"size-medium wp-image-558 alignnone\" title=\"senior3matchb\" src=\"http:\/\/www.asbuers.com\/basket-villeurbanne\/wp-content\/uploads\/2011\/10\/senior3matchb1-300x225.jpg\" alt=\"\" width=\"300\" height=\"225\" srcset=\"https:\/\/www.asbuers.com\/basket-villeurbanne\/wp-content\/uploads\/2011\/10\/senior3matchb1-300x225.jpg 300w, https:\/\/www.asbuers.com\/basket-villeurbanne\/wp-content\/uploads\/2011\/10\/senior3matchb1.jpg 700w\" sizes=\"auto, (max-width: 300px) 100vw, 300px\" \/><\/a><\/h2>\n","protected":false},"excerpt":{"rendered":"<p>Vid\u00e9os de l&rsquo;AS Buers Basket Rendez vous sur notre page youtube pour visionner les derni\u00e8res vid\u00e9os mises en ligne. &nbsp; &nbsp; Galeries photos de l&rsquo;AS Buers Basket Rendez vous sur notre page facebook pour visualiser les derni\u00e8res photos mises en ligne. &nbsp; \u00a0\u00a0\u00a0\u00a0\u00a0\u00a0\u00a0<\/p>\n","protected":false},"author":3,"featured_media":0,"parent":0,"menu_order":0,"comment_status":"closed","ping_status":"closed","template":"","meta":{"footnotes":""},"class_list":["post-185","page","type-page","status-publish","hentry"],"jetpack_sharing_enabled":true,"_links":{"self":[{"href":"https:\/\/www.asbuers.com\/basket-villeurbanne\/wp-json\/wp\/v2\/pages\/185","targetHints":{"allow":["GET"]}}],"collection":[{"href":"https:\/\/www.asbuers.com\/basket-villeurbanne\/wp-json\/wp\/v2\/pages"}],"about":[{"href":"https:\/\/www.asbuers.com\/basket-villeurbanne\/wp-json\/wp\/v2\/types\/page"}],"author":[{"embeddable":true,"href":"https:\/\/www.asbuers.com\/basket-villeurbanne\/wp-json\/wp\/v2\/users\/3"}],"replies":[{"embeddable":true,"href":"https:\/\/www.asbuers.com\/basket-villeurbanne\/wp-json\/wp\/v2\/comments?post=185"}],"version-history":[{"count":17,"href":"https:\/\/www.asbuers.com\/basket-villeurbanne\/wp-json\/wp\/v2\/pages\/185\/revisions"}],"predecessor-version":[{"id":187,"href":"https:\/\/www.asbuers.com\/basket-villeurbanne\/wp-json\/wp\/v2\/pages\/185\/revisions\/187"}],"wp:attachment":[{"href":"https:\/\/www.asbuers.com\/basket-villeurbanne\/wp-json\/wp\/v2\/media?parent=185"}],"curies":[{"name":"wp","href":"https:\/\/api.w.org\/{rel}","templated":true}]}}